{"id":5707,"date":"2022-06-21T10:46:34","date_gmt":"2022-06-21T08:46:34","guid":{"rendered":"https:\/\/www.protect.airbus.com\/surete\/smart-mobility\/"},"modified":"2023-07-07T13:54:20","modified_gmt":"2023-07-07T11:54:20","slug":"mobilite-intelligence","status":"publish","type":"page","link":"https:\/\/www.protect.airbus.com\/fr\/safety\/mobilite-intelligence\/","title":{"rendered":"Mobilit\u00e9 Intelligente"},"content":{"rendered":"<div class=\"wpb-content-wrapper\"><p>[vc_row][vc_column][vc_column_text h2_style=\u00a0\u00bbh2Big\u00a0\u00bb css=\u00a0\u00bb.vc_custom_1684766296879{margin-bottom: 0px !important;padding-bottom: 0px !important;}\u00a0\u00bb]<\/p>\n<h2>Favoriser la transition vers des plateformes de mobilit\u00e9 plus s\u00fbres et plus propres<\/h2>\n<p>[\/vc_column_text][vc_column_text p_style=\u00a0\u00bbpBig\u00a0\u00bb]Des v\u00e9hicules connect\u00e9s jusqu&rsquo;aux drones, la prochaine \u00e8re de la mobilit\u00e9 intelligente am\u00e9liorera notre qualit\u00e9 de vie et favorisera la d\u00e9carbonisation \u00e0 l&rsquo;\u00e9chelle mondiale.<\/p>\n<p>Elle pose \u00e9galement de nouveaux d\u00e9fis. Par exemple garantir la safety des syst\u00e8mes de transport digitaux et interconnect\u00e9s est cl\u00e9 dans le d\u00e9veloppement et l&rsquo;int\u00e9gration de la mobilit\u00e9 intelligente. La solution est d\u2019int\u00e9grer la s\u00fbret\u00e9 et la s\u00e9curit\u00e9 d\u00e8s la conception \u2014 au niveau du produit, de l\u2019infrastructure et de l\u2019\u00eatre humain.[\/vc_column_text][vc_column_text h2_style=\u00a0\u00bbh2Big\u00a0\u00bb css=\u00a0\u00bb.vc_custom_1684766328990{margin-bottom: 0px !important;padding-bottom: 0px !important;}\u00a0\u00bb]<\/p>\n<h3>Ouvrir la voie<\/h3>\n<p>[\/vc_column_text][vc_column_text p_style=\u00a0\u00bbpHighlight\u00a0\u00bb]Nous r\u00e9pondons aux besoins de safety et de security autour de la mobilit\u00e9 intelligente en facilitant la cr\u00e9ation, la validation et l\u2019optimisation de ces nouvelles plateformes.<\/p>\n<p>Nous servons d&rsquo;interm\u00e9diaire entre les clients et les autorit\u00e9s r\u00e9glementaires afin d\u2019aider les clients \u00e0 la mise en conformit\u00e9 aux normes r\u00e9glementaires d\u2019aujourd\u2019hui et \u00e0 anticiper les exigences de demain. Nous travaillons avec engagement aux c\u00f4t\u00e9s des fournisseurs industriels, des fabricants d\u2019\u00e9quipements, des op\u00e9rateurs de transports, des villes et d\u2019autres organismes afin de rentre la mobilit\u00e9 du futur plus s\u00fbr et plus durable.<\/p>\n<p>Cette d\u00e9marche s\u2019inscrit dans notre approche holistique regroupant la cybers\u00e9curit\u00e9, la gouvernance des donn\u00e9es, la safety et la sustainability.[\/vc_column_text][vc_column_text h2_style=\u00a0\u00bbh2Big\u00a0\u00bb css=\u00a0\u00bb.vc_custom_1684766408590{margin-bottom: 0px !important;padding-bottom: 0px !important;}\u00a0\u00bb]<\/p>\n<h3>Pourquoi choisir Airbus\u00a0Protect\u00a0?<\/h3>\n<p>[\/vc_column_text][vc_column_text p_style=\u00a0\u00bbpHighlight\u00a0\u00bb]Nous favorisons l&rsquo;approche Safety &#8211;\u00a0 Security &#8211; Sustainability pour des plateformes de mobilit\u00e9 s\u00fbres et s\u00e9curis\u00e9es, et durables, cela comprend :[\/vc_column_text][vc_column_text]<\/p>\n<ul>\n<li style=\"font-weight: 400;\" aria-level=\"1\"><span style=\"font-weight: 400;\">Optimisation et validation d\u2019architectures syst\u00e8mes complexes<\/span><\/li>\n<li style=\"font-weight: 400;\" aria-level=\"1\"><span style=\"font-weight: 400;\">Mod\u00e9lisation et simulation des d\u00e9fis sp\u00e9cifiques \u00e0 la mobilit\u00e9 intelligente du MBSE (Model Based System Engineering) au MBSA (Model Based Safety Assessment)<\/span><\/li>\n<li style=\"font-weight: 400;\" aria-level=\"1\"><span style=\"font-weight: 400;\">Int\u00e9gration fluide de la mobilit\u00e9 a\u00e9rienne urbaine dans l\u2019espace a\u00e9rien<\/span><\/li>\n<li style=\"font-weight: 400;\" aria-level=\"1\"><span style=\"font-weight: 400;\">Am\u00e9lioration de l\u2019acceptation sociale et de l\u2019adoption de nouvelles formes de mobilit\u00e9 (eVTOL&#8230;)<\/span><\/li>\n<\/ul>\n<p>[\/vc_column_text][vc_column_text h2_style=\u00a0\u00bbh2Big\u00a0\u00bb css=\u00a0\u00bb.vc_custom_1684766489022{margin-bottom: 0px !important;padding-bottom: 0px !important;}\u00a0\u00bb]<\/p>\n<h3>Notre offre<\/h3>\n<p>[\/vc_column_text][vc_column_text p_style=\u00a0\u00bbpHighlight\u00a0\u00bb]Nous participons au d\u00e9veloppement d&rsquo;un \u00e9cosyst\u00e8me de mobilit\u00e9 s\u00fbr et intelligent. Soutenus par nos consultants, experts et formateurs hautement qualifi\u00e9s, nous assistons nos clients dans la gestion et l\u2019att\u00e9nuation des risques li\u00e9s \u00e0 la mobilit\u00e9. Notre offre comprend ce qui suit :[\/vc_column_text][vc_column_text]<\/p>\n<ul>\n<li style=\"font-weight: 400;\" aria-level=\"1\"><span style=\"font-weight: 400;\">Analyse de risques li\u00e9s \u00e0 la safety<\/span><\/li>\n<li style=\"font-weight: 400;\" aria-level=\"1\"><span style=\"font-weight: 400;\">Conception de l&rsquo;architecture<\/span><\/li>\n<li style=\"font-weight: 400;\" aria-level=\"1\"><span style=\"font-weight: 400;\">D\u00e9finition d\u2019infrastructures de validation de la conformit\u00e9<\/span><\/li>\n<li style=\"font-weight: 400;\" aria-level=\"1\"><span style=\"font-weight: 400;\">Mission d\u2019am\u00e9lioration de l\u2019acceptation sociale des syst\u00e8mes de mobilit\u00e9 intelligente<\/span><\/li>\n<\/ul>\n<p>[\/vc_column_text]    <div class=\"hightlightBracket\">\n        <div class=\"glyphe\"><\/div>\n        <div class=\"highlight\"><p>Contactez-nous pour d\u00e9couvrir comment nous pouvons vous aider<\/p><\/div>\n    <\/div>\n    <div class=\"divBtCTA btAlignCenter\"><a href=\"https:\/\/www.protect.airbus.com\/fr\/contact\/\"  class=\"button btAuto\">Nous contacter<\/a><\/div><div class=\"whatsNew\" id=\"whatsnew_69f1ef97f0b6b\">\n    <div class=\"lineTitleFilter\">\n        <div id=\"conteneur_h2_WhatsNew\"><h2>Des nouveaut\u00e9s ?<\/h2><\/div>\n        <div id=\"conteneur_FiltreWhatsNew\">\n\t\t\t<div class=\"filterWhatsNew\"><span>Filtre<\/span>\n\t\t\t\t<ul>\n\t\t\t\t\t<li><button type=\"button\" class=\"btFilter bfFilterNews\" onclick=\"fctFilterWhatsNew('news','safety-fr','whatsnew_69f1ef97f0b6b')\">Actualit\u00e9<\/button><\/li>\n\t\t\t\t\t<li><button type=\"button\" class=\"btFilter bfFilterWhitePaper\" onclick=\"fctFilterWhatsNew('whitepaper','safety-fr','whatsnew_69f1ef97f0b6b')\">Livre blanc<\/button><\/li>\n\t\t\t\t\t<li><button type=\"button\" class=\"btFilter bfFilterBlog\" onclick=\"fctFilterWhatsNew('blog','safety-fr','whatsnew_69f1ef97f0b6b')\">Blog<\/button><\/li>\n\t\t\t\t\t<li><button type=\"button\" class=\"btFilter bfFilterEvent\" onclick=\"fctFilterWhatsNew('event','safety-fr','whatsnew_69f1ef97f0b6b')\">\u00c9v\u00e9nement<\/button><\/li>\n\t\t\t\t<\/ul><\/div>\n\t\t\t<div id=\"whathsnew_glyphe\"><\/div>\n\t\t<\/div>\n    <\/div>\n\t\n    <div class=\"listWhatsNew\">\n    <article id=\"whatsnew_item_6576\">\n    <span class=\"whatsNewType\">Blog<\/span>\n    <a href=\"https:\/\/www.protect.airbus.com\/fr\/blog\/lexique-surete\/\"><img loading=\"lazy\" decoding=\"async\" width=\"349\" height=\"189\" src=\"https:\/\/www.protect.airbus.com\/wp-content\/uploads\/2023\/07\/safety1-349x189.png\" class=\"attachment-post-bloc size-post-bloc wp-post-image\" alt=\"Safety 101\" \/><\/a>\n    <div class=\"titreWN\">Lexique de la Safety : comprendre la terminologie de la fiabilit\u00e9 op\u00e9rationnelle<\/div>\n    <p><p>[vc_row][vc_column][vc_column_text] Qu&rsquo;est-ce que la \u00ab\u00a0safety\u00a0\u00bb ? Tout d&rsquo;abord, voici quelques pr\u00e9cisions sur ce que nous entendons par \u00ab\u00a0safety\u00a0\u00bb ? Garantir la s\u00fbret\u00e9 de fonctionnement dans les secteurs de l&rsquo;a\u00e9rospatiale, des transports, de l&rsquo;\u00e9nergie et de la d\u00e9fense est crucial. Elle implique une \u00e9quipe d&rsquo;experts industriels, d&rsquo;ing\u00e9nieurs et de professionnels qui se concentrent sur la gestion [&hellip;]<\/p>\n<\/p>\n        <div id=\"conteneur_btReadMore\"><a href=\"https:\/\/www.protect.airbus.com\/fr\/blog\/lexique-surete\/\" class=\"btReadMore\">En savoir plus<\/a><\/div><\/article>\n<article id=\"whatsnew_item_4257\">\n    <span class=\"whatsNewType\">Blog<\/span>\n    <a href=\"https:\/\/www.protect.airbus.com\/fr\/blog\/3-questions-1-expert-gabin-ricouart\/\"><img loading=\"lazy\" decoding=\"async\" width=\"349\" height=\"189\" src=\"https:\/\/www.protect.airbus.com\/wp-content\/uploads\/2022\/12\/3-questions-1-expert-Gabin-349x189.png\" class=\"attachment-post-bloc size-post-bloc wp-post-image\" alt=\"Serie_3_questions_1 expert_Gabin_Ricouart\" \/><\/a>\n    <div class=\"titreWN\">3 questions, 1 expert : Gabin Ricouart<\/div>\n    <p><p>Dans cette s\u00e9rie, nous posons trois questions \u00e0 des experts de la s\u00fbret\u00e9, de la sustainability et de la cybers\u00e9curit\u00e9 sur leur r\u00f4le chez Airbus Protect. Aujourd&rsquo;hui, rencontrons Gabin Ricouart, ancien stagiaire et ing\u00e9nieur en s\u00fbret\u00e9 et certification de propulsion bas\u00e9 dans notre bureau de Toulouse. Peux-tu nous en dire plus sur ton stage chez [&hellip;]<\/p>\n<\/p>\n        <div id=\"conteneur_btReadMore\"><a href=\"https:\/\/www.protect.airbus.com\/fr\/blog\/3-questions-1-expert-gabin-ricouart\/\" class=\"btReadMore\">En savoir plus<\/a><\/div><\/article>\n<article id=\"whatsnew_item_6101\">\n    <span class=\"whatsNewType\">Blog<\/span>\n    <a href=\"https:\/\/www.protect.airbus.com\/fr\/blog\/3-questions-1-expert-nicolas-blanquet-architecte-integration-module-avionique\/\"><img loading=\"lazy\" decoding=\"async\" width=\"349\" height=\"189\" src=\"https:\/\/www.protect.airbus.com\/wp-content\/uploads\/2023\/06\/3-question-1-expert-349x189.png\" class=\"attachment-post-bloc size-post-bloc wp-post-image\" alt=\"Nicolas Blanquet, Expert at Airbus Protect\" \/><\/a>\n    <div class=\"titreWN\">3 questions, 1 expert: Nicolas Blanquet, architecte en int\u00e9gration de module<\/div>\n    <p><p>Nicolas, architecte en int\u00e9gration de modules nous explique son r\u00f4le\u00a0au sein d&rsquo;Airbus Protect Qu&rsquo;est-ce qu&rsquo;un architecte en int\u00e9gration de module ? Parle-nous de ton m\u00e9tier Je suis un architecte d&rsquo;int\u00e9gration de modules sp\u00e9cialis\u00e9 dans les syst\u00e8mes d&rsquo;avionique modulaire int\u00e9gr\u00e9e (IMA). Qu&rsquo;est-ce qu&rsquo;un syst\u00e8me IMA, me direz-vous ? C\u2019est un syst\u00e8me d&rsquo;avionique de pointe utilis\u00e9 dans [&hellip;]<\/p>\n<\/p>\n        <div id=\"conteneur_btReadMore\"><a href=\"https:\/\/www.protect.airbus.com\/fr\/blog\/3-questions-1-expert-nicolas-blanquet-architecte-integration-module-avionique\/\" class=\"btReadMore\">En savoir plus<\/a><\/div><\/article>\n    <\/div>\n    <div class=\"conteneurLineMoreInsight\"><div class=\"lineMoreInsight\"><a href=\"\/fr\/informations\/\">d\u00e9couvrir<\/a><\/div><\/div>\n<\/div>\n[\/vc_column][\/vc_row]<\/p>\n<\/div>","protected":false},"excerpt":{"rendered":"<p>[vc_row][vc_column][vc_column_text h2_style=\u00a0\u00bbh2Big\u00a0\u00bb css=\u00a0\u00bb.vc_custom_1684766296879{margin-bottom: 0px !important;padding-bottom: 0px !important;}\u00a0\u00bb] Favoriser la transition vers des plateformes de mobilit\u00e9 plus s\u00fbres et plus propres [\/vc_column_text][vc_column_text p_style=\u00a0\u00bbpBig\u00a0\u00bb]Des v\u00e9hicules connect\u00e9s jusqu&rsquo;aux drones, la prochaine \u00e8re de la mobilit\u00e9 intelligente am\u00e9liorera notre qualit\u00e9 de vie et favorisera la d\u00e9carbonisation \u00e0 l&rsquo;\u00e9chelle mondiale. Elle pose \u00e9galement de nouveaux d\u00e9fis. Par exemple garantir la [&hellip;]<\/p>\n","protected":false},"author":4,"featured_media":1102,"parent":7200,"menu_order":0,"comment_status":"closed","ping_status":"closed","template":"","meta":{"_acf_changed":false,"content-type":"","_relevanssi_hide_post":"","_relevanssi_hide_content":"","_relevanssi_pin_for_all":"","_relevanssi_pin_keywords":"","_relevanssi_unpin_keywords":"","_relevanssi_related_keywords":"","_relevanssi_related_include_ids":"","_relevanssi_related_exclude_ids":"","_relevanssi_related_no_append":"","_relevanssi_related_not_related":"","_relevanssi_related_posts":"","_relevanssi_noindex_reason":"","footnotes":""},"class_list":["post-5707","page","type-page","status-publish","has-post-thumbnail","hentry"],"acf":[],"yoast_head":"<!-- This site is optimized with the Yoast SEO Premium plugin v27.4 (Yoast SEO v27.4) - https:\/\/yoast.com\/product\/yoast-seo-premium-wordpress\/ -->\n<title>Mobilit\u00e9 Intelligente - Airbus Protect<\/title>\n<meta name=\"description\" content=\"The next era of smart mobility will enhance our quality of life and drive decarbonisation. Airbus Protect is ensuring the safety of this brave new world.\" \/>\n<meta name=\"robots\" content=\"index, follow, max-snippet:-1, max-image-preview:large, max-video-preview:-1\" \/>\n<link rel=\"canonical\" href=\"https:\/\/www.protect.airbus.com\/fr\/safety\/mobilite-intelligence\/\" \/>\n<meta property=\"og:locale\" content=\"fr_FR\" \/>\n<meta property=\"og:type\" content=\"article\" \/>\n<meta property=\"og:title\" content=\"Mobilit\u00e9 Intelligente\" \/>\n<meta property=\"og:description\" content=\"The next era of smart mobility will enhance our quality of life and drive decarbonisation. Airbus Protect is ensuring the safety of this brave new world.\" \/>\n<meta property=\"og:url\" content=\"https:\/\/www.protect.airbus.com\/fr\/safety\/mobilite-intelligence\/\" \/>\n<meta property=\"og:site_name\" content=\"Airbus Protect\" \/>\n<meta property=\"article:modified_time\" content=\"2023-07-07T11:54:20+00:00\" \/>\n<meta property=\"og:image\" content=\"https:\/\/www.protect.airbus.com\/wp-content\/uploads\/2022\/06\/header-safe-mobility-sous-page.jpg\" \/>\n\t<meta property=\"og:image:width\" content=\"1920\" \/>\n\t<meta property=\"og:image:height\" content=\"358\" \/>\n\t<meta property=\"og:image:type\" content=\"image\/jpeg\" \/>\n<meta name=\"twitter:card\" content=\"summary_large_image\" \/>\n<meta name=\"twitter:label1\" content=\"Dur\u00e9e de lecture estim\u00e9e\" \/>\n\t<meta name=\"twitter:data1\" content=\"2 minutes\" \/>\n<script type=\"application\/ld+json\" class=\"yoast-schema-graph\">{\"@context\":\"https:\\\/\\\/schema.org\",\"@graph\":[{\"@type\":\"BlogPosting\",\"mainEntityOfPage\":{\"@type\":\"WebPage\",\"@id\":\"https:\\\/\\\/www.protect.airbus.com\\\/fr\\\/safety\\\/mobilite-intelligence\\\/\"},\"headline\":\"3 questions, 1 expert: Nicolas Blanquet, architecte en int\u00e9gration de module\",\"description\":\"\",\"author\":{\"@id\":\"https:\\\/\\\/www.protect.airbus.com\\\/#organization\"},\"publisher\":{\"@id\":\"https:\\\/\\\/www.protect.airbus.com\\\/#organization\"},\"image\":\"https:\\\/\\\/www.protect.airbus.com\\\/wp-content\\\/uploads\\\/2023\\\/06\\\/3-question-1-expert.png\",\"datePublished\":\"2022-06-21T08:46:34+00:00\",\"dateModified\":\"2023-07-07T11:54:20+00:00\"},{\"@type\":\"WebPage\",\"@id\":\"https:\\\/\\\/www.protect.airbus.com\\\/fr\\\/safety\\\/mobilite-intelligence\\\/\",\"url\":\"https:\\\/\\\/www.protect.airbus.com\\\/fr\\\/safety\\\/mobilite-intelligence\\\/\",\"name\":\"Mobilit\u00e9 Intelligente - Airbus Protect\",\"isPartOf\":{\"@id\":\"https:\\\/\\\/www.protect.airbus.com\\\/fr\\\/#website\"},\"primaryImageOfPage\":{\"@id\":\"https:\\\/\\\/www.protect.airbus.com\\\/fr\\\/safety\\\/mobilite-intelligence\\\/#primaryimage\"},\"image\":{\"@id\":\"https:\\\/\\\/www.protect.airbus.com\\\/fr\\\/safety\\\/mobilite-intelligence\\\/#primaryimage\"},\"thumbnailUrl\":\"https:\\\/\\\/www.protect.airbus.com\\\/wp-content\\\/uploads\\\/2022\\\/06\\\/header-safe-mobility-sous-page.jpg\",\"datePublished\":\"2022-06-21T08:46:34+00:00\",\"dateModified\":\"2023-07-07T11:54:20+00:00\",\"description\":\"The next era of smart mobility will enhance our quality of life and drive decarbonisation. Airbus Protect is ensuring the safety of this brave new world.\",\"breadcrumb\":{\"@id\":\"https:\\\/\\\/www.protect.airbus.com\\\/fr\\\/safety\\\/mobilite-intelligence\\\/#breadcrumb\"},\"inLanguage\":\"fr-FR\",\"potentialAction\":[{\"@type\":\"ReadAction\",\"target\":[\"https:\\\/\\\/www.protect.airbus.com\\\/fr\\\/safety\\\/mobilite-intelligence\\\/\"]}]},{\"@type\":\"ImageObject\",\"inLanguage\":\"fr-FR\",\"@id\":\"https:\\\/\\\/www.protect.airbus.com\\\/fr\\\/safety\\\/mobilite-intelligence\\\/#primaryimage\",\"url\":\"https:\\\/\\\/www.protect.airbus.com\\\/wp-content\\\/uploads\\\/2022\\\/06\\\/header-safe-mobility-sous-page.jpg\",\"contentUrl\":\"https:\\\/\\\/www.protect.airbus.com\\\/wp-content\\\/uploads\\\/2022\\\/06\\\/header-safe-mobility-sous-page.jpg\",\"width\":1920,\"height\":358},{\"@type\":\"BreadcrumbList\",\"@id\":\"https:\\\/\\\/www.protect.airbus.com\\\/fr\\\/safety\\\/mobilite-intelligence\\\/#breadcrumb\",\"itemListElement\":[{\"@type\":\"ListItem\",\"position\":1,\"name\":\"Home\",\"item\":\"https:\\\/\\\/www.protect.airbus.com\\\/fr\\\/\"},{\"@type\":\"ListItem\",\"position\":2,\"name\":\"Safety\",\"item\":\"https:\\\/\\\/www.protect.airbus.com\\\/fr\\\/safety\\\/\"},{\"@type\":\"ListItem\",\"position\":3,\"name\":\"Mobilit\u00e9 Intelligente\"}]},{\"@type\":\"WebSite\",\"@id\":\"https:\\\/\\\/www.protect.airbus.com\\\/fr\\\/#website\",\"url\":\"https:\\\/\\\/www.protect.airbus.com\\\/fr\\\/\",\"name\":\"Airbus Protect\",\"description\":\"\",\"publisher\":{\"@id\":\"https:\\\/\\\/www.protect.airbus.com\\\/fr\\\/#organization\"},\"potentialAction\":[{\"@type\":\"SearchAction\",\"target\":{\"@type\":\"EntryPoint\",\"urlTemplate\":\"https:\\\/\\\/www.protect.airbus.com\\\/fr\\\/?s={search_term_string}\"},\"query-input\":{\"@type\":\"PropertyValueSpecification\",\"valueRequired\":true,\"valueName\":\"search_term_string\"}}],\"inLanguage\":\"fr-FR\"},{\"@type\":\"Organization\",\"@id\":\"https:\\\/\\\/www.protect.airbus.com\\\/fr\\\/#organization\",\"name\":\"Airbus Protect\",\"url\":\"https:\\\/\\\/www.protect.airbus.com\\\/fr\\\/\",\"logo\":{\"@type\":\"ImageObject\",\"inLanguage\":\"fr-FR\",\"@id\":\"https:\\\/\\\/www.protect.airbus.com\\\/fr\\\/#\\\/schema\\\/logo\\\/image\\\/\",\"url\":\"https:\\\/\\\/www.protect.airbus.com\\\/wp-content\\\/uploads\\\/2023\\\/05\\\/logo-airbus-protect-696-696.png\",\"contentUrl\":\"https:\\\/\\\/www.protect.airbus.com\\\/wp-content\\\/uploads\\\/2023\\\/05\\\/logo-airbus-protect-696-696.png\",\"width\":696,\"height\":696,\"caption\":\"Airbus Protect\"},\"image\":{\"@id\":\"https:\\\/\\\/www.protect.airbus.com\\\/fr\\\/#\\\/schema\\\/logo\\\/image\\\/\"},\"sameAs\":[\"https:\\\/\\\/www.linkedin.com\\\/company\\\/airbus-protect\\\/\",\"https:\\\/\\\/www.youtube.com\\\/@airbusprotect7483\"],\"contactPoint\":{\"@type\":\"ContactPoint\",\"email\":\"protect@airbus.com\",\"contactType\":\"customer service\",\"areaServed\":[\"GB\",\"FR\",\"ES\",\"DE\",\"BE\",\"CH\",\"PT\",\"DK\",\"AT\"],\"availableLanguage\":[\"en\",\"fr\",\"de\"]}}]}<\/script>\n<!-- \/ Yoast SEO Premium plugin. -->","yoast_head_json":{"title":"Mobilit\u00e9 Intelligente - Airbus Protect","description":"The next era of smart mobility will enhance our quality of life and drive decarbonisation. Airbus Protect is ensuring the safety of this brave new world.","robots":{"index":"index","follow":"follow","max-snippet":"max-snippet:-1","max-image-preview":"max-image-preview:large","max-video-preview":"max-video-preview:-1"},"canonical":"https:\/\/www.protect.airbus.com\/fr\/safety\/mobilite-intelligence\/","og_locale":"fr_FR","og_type":"article","og_title":"Mobilit\u00e9 Intelligente","og_description":"The next era of smart mobility will enhance our quality of life and drive decarbonisation. Airbus Protect is ensuring the safety of this brave new world.","og_url":"https:\/\/www.protect.airbus.com\/fr\/safety\/mobilite-intelligence\/","og_site_name":"Airbus Protect","article_modified_time":"2023-07-07T11:54:20+00:00","og_image":[{"width":1920,"height":358,"url":"https:\/\/www.protect.airbus.com\/wp-content\/uploads\/2022\/06\/header-safe-mobility-sous-page.jpg","type":"image\/jpeg"}],"twitter_card":"summary_large_image","twitter_misc":{"Dur\u00e9e de lecture estim\u00e9e":"2 minutes"},"schema":{"@context":"https:\/\/schema.org","@graph":[{"@type":"BlogPosting","mainEntityOfPage":{"@type":"WebPage","@id":"https:\/\/www.protect.airbus.com\/fr\/safety\/mobilite-intelligence\/"},"headline":"3 questions, 1 expert: Nicolas Blanquet, architecte en int\u00e9gration de module","description":"","author":{"@id":"https:\/\/www.protect.airbus.com\/#organization"},"publisher":{"@id":"https:\/\/www.protect.airbus.com\/#organization"},"image":"https:\/\/www.protect.airbus.com\/wp-content\/uploads\/2023\/06\/3-question-1-expert.png","datePublished":"2022-06-21T08:46:34+00:00","dateModified":"2023-07-07T11:54:20+00:00"},{"@type":"WebPage","@id":"https:\/\/www.protect.airbus.com\/fr\/safety\/mobilite-intelligence\/","url":"https:\/\/www.protect.airbus.com\/fr\/safety\/mobilite-intelligence\/","name":"Mobilit\u00e9 Intelligente - Airbus Protect","isPartOf":{"@id":"https:\/\/www.protect.airbus.com\/fr\/#website"},"primaryImageOfPage":{"@id":"https:\/\/www.protect.airbus.com\/fr\/safety\/mobilite-intelligence\/#primaryimage"},"image":{"@id":"https:\/\/www.protect.airbus.com\/fr\/safety\/mobilite-intelligence\/#primaryimage"},"thumbnailUrl":"https:\/\/www.protect.airbus.com\/wp-content\/uploads\/2022\/06\/header-safe-mobility-sous-page.jpg","datePublished":"2022-06-21T08:46:34+00:00","dateModified":"2023-07-07T11:54:20+00:00","description":"The next era of smart mobility will enhance our quality of life and drive decarbonisation. Airbus Protect is ensuring the safety of this brave new world.","breadcrumb":{"@id":"https:\/\/www.protect.airbus.com\/fr\/safety\/mobilite-intelligence\/#breadcrumb"},"inLanguage":"fr-FR","potentialAction":[{"@type":"ReadAction","target":["https:\/\/www.protect.airbus.com\/fr\/safety\/mobilite-intelligence\/"]}]},{"@type":"ImageObject","inLanguage":"fr-FR","@id":"https:\/\/www.protect.airbus.com\/fr\/safety\/mobilite-intelligence\/#primaryimage","url":"https:\/\/www.protect.airbus.com\/wp-content\/uploads\/2022\/06\/header-safe-mobility-sous-page.jpg","contentUrl":"https:\/\/www.protect.airbus.com\/wp-content\/uploads\/2022\/06\/header-safe-mobility-sous-page.jpg","width":1920,"height":358},{"@type":"BreadcrumbList","@id":"https:\/\/www.protect.airbus.com\/fr\/safety\/mobilite-intelligence\/#breadcrumb","itemListElement":[{"@type":"ListItem","position":1,"name":"Home","item":"https:\/\/www.protect.airbus.com\/fr\/"},{"@type":"ListItem","position":2,"name":"Safety","item":"https:\/\/www.protect.airbus.com\/fr\/safety\/"},{"@type":"ListItem","position":3,"name":"Mobilit\u00e9 Intelligente"}]},{"@type":"WebSite","@id":"https:\/\/www.protect.airbus.com\/fr\/#website","url":"https:\/\/www.protect.airbus.com\/fr\/","name":"Airbus Protect","description":"","publisher":{"@id":"https:\/\/www.protect.airbus.com\/fr\/#organization"},"potentialAction":[{"@type":"SearchAction","target":{"@type":"EntryPoint","urlTemplate":"https:\/\/www.protect.airbus.com\/fr\/?s={search_term_string}"},"query-input":{"@type":"PropertyValueSpecification","valueRequired":true,"valueName":"search_term_string"}}],"inLanguage":"fr-FR"},{"@type":"Organization","@id":"https:\/\/www.protect.airbus.com\/fr\/#organization","name":"Airbus Protect","url":"https:\/\/www.protect.airbus.com\/fr\/","logo":{"@type":"ImageObject","inLanguage":"fr-FR","@id":"https:\/\/www.protect.airbus.com\/fr\/#\/schema\/logo\/image\/","url":"https:\/\/www.protect.airbus.com\/wp-content\/uploads\/2023\/05\/logo-airbus-protect-696-696.png","contentUrl":"https:\/\/www.protect.airbus.com\/wp-content\/uploads\/2023\/05\/logo-airbus-protect-696-696.png","width":696,"height":696,"caption":"Airbus Protect"},"image":{"@id":"https:\/\/www.protect.airbus.com\/fr\/#\/schema\/logo\/image\/"},"sameAs":["https:\/\/www.linkedin.com\/company\/airbus-protect\/","https:\/\/www.youtube.com\/@airbusprotect7483"],"contactPoint":{"@type":"ContactPoint","email":"protect@airbus.com","contactType":"customer service","areaServed":["GB","FR","ES","DE","BE","CH","PT","DK","AT"],"availableLanguage":["en","fr","de"]}}]}},"_links":{"self":[{"href":"https:\/\/www.protect.airbus.com\/fr\/wp-json\/wp\/v2\/pages\/5707","targetHints":{"allow":["GET"]}}],"collection":[{"href":"https:\/\/www.protect.airbus.com\/fr\/wp-json\/wp\/v2\/pages"}],"about":[{"href":"https:\/\/www.protect.airbus.com\/fr\/wp-json\/wp\/v2\/types\/page"}],"author":[{"embeddable":true,"href":"https:\/\/www.protect.airbus.com\/fr\/wp-json\/wp\/v2\/users\/4"}],"replies":[{"embeddable":true,"href":"https:\/\/www.protect.airbus.com\/fr\/wp-json\/wp\/v2\/comments?post=5707"}],"version-history":[{"count":5,"href":"https:\/\/www.protect.airbus.com\/fr\/wp-json\/wp\/v2\/pages\/5707\/revisions"}],"predecessor-version":[{"id":6331,"href":"https:\/\/www.protect.airbus.com\/fr\/wp-json\/wp\/v2\/pages\/5707\/revisions\/6331"}],"up":[{"embeddable":true,"href":"https:\/\/www.protect.airbus.com\/fr\/wp-json\/wp\/v2\/pages\/7200"}],"wp:featuredmedia":[{"embeddable":true,"href":"https:\/\/www.protect.airbus.com\/fr\/wp-json\/wp\/v2\/media\/1102"}],"wp:attachment":[{"href":"https:\/\/www.protect.airbus.com\/fr\/wp-json\/wp\/v2\/media?parent=5707"}],"curies":[{"name":"wp","href":"https:\/\/api.w.org\/{rel}","templated":true}]}}