{"id":32768,"date":"2025-06-30T11:45:48","date_gmt":"2025-06-30T09:45:48","guid":{"rendered":"https:\/\/www.protect.airbus.com\/?page_id=32768"},"modified":"2026-06-14T23:17:19","modified_gmt":"2026-06-14T21:17:19","slug":"chaine-approvisionnement-fabrication","status":"publish","type":"page","link":"https:\/\/www.protect.airbus.com\/fr\/safety\/chaine-approvisionnement-fabrication\/","title":{"rendered":"Cha\u00eene d&rsquo;approvisionnement et fabrication"},"content":{"rendered":"<div class=\"wpb-content-wrapper\"><p>[vc_row][vc_column][vc_column_text css=\u00a0\u00bb.vc_custom_1760444927814{margin-bottom: 0px !important;padding-bottom: 0px !important;}\u00a0\u00bb h2_style=\u00a0\u00bbh2Big\u00a0\u00bb]<\/p>\n<h2>Soutenir la r\u00e9silience de la production<\/h2>\n<p>[\/vc_column_text][vc_column_text css=\u00a0\u00bb\u00a0\u00bb p_style=\u00a0\u00bbpBig\u00a0\u00bb]Soutenir la r\u00e9silience de la production et la disponibilit\u00e9 \u00e0 long terme des pi\u00e8ces<\/p>\n<p>Chez Airbus Protect, nous fournissons une assistance experte pour garantir l&rsquo;efficacit\u00e9, la r\u00e9silience et la gestion des risques de votre cha\u00eene d&rsquo;approvisionnement et de vos op\u00e9rations de fabrication. Nos services s&rsquo;\u00e9tendent de l&rsquo;analyse des incidents de production \u00e0 la gestion strat\u00e9gique de l&rsquo;obsolescence et des risques li\u00e9s \u00e0 la cha\u00eene d&rsquo;approvisionnement, vous aidant ainsi \u00e0 maintenir la continuit\u00e9 de vos op\u00e9rations et \u00e0 respecter vos engagements de livraison.[\/vc_column_text][vc_column_text css=\u00a0\u00bb.vc_custom_1683203992873{margin-bottom: 0px !important;padding-bottom: 0px !important;}\u00a0\u00bb h2_style=\u00a0\u00bbh2Big\u00a0\u00bb]<\/p>\n<h3>Pourquoi choisir Airbus\u00a0Protect\u00a0?<\/h3>\n<p>[\/vc_column_text][vc_column_text css=\u00a0\u00bb\u00a0\u00bb p_style=\u00a0\u00bbpHighlight\u00a0\u00bb]Fort d&rsquo;une longue exp\u00e9rience dans le domaine de la s\u00fbret\u00e9 a\u00e9rospatiale et de la gestion des risques, Airbus Protect apporte \u00e0 votre cha\u00eene d&rsquo;approvisionnement et \u00e0 vos d\u00e9fis de fabrication une combinaison unique d&rsquo;expertise technique et de connaissances op\u00e9rationnelles. Nous travaillons en \u00e9troite collaboration avec vos \u00e9quipes afin de g\u00e9rer les risques de mani\u00e8re proactive, de r\u00e9soudre les incidents et d&rsquo;anticiper l&rsquo;obsolescence, garantissant ainsi l&rsquo;efficacit\u00e9 et la conformit\u00e9 de vos activit\u00e9s de production et de r\u00e9paration tout au long du cycle de vie.[\/vc_column_text][vc_column_text css=\u00a0\u00bb.vc_custom_1750756902053{margin-bottom: 0px !important;padding-bottom: 0px !important;}\u00a0\u00bb h2_style=\u00a0\u00bbh2Big\u00a0\u00bb]<\/p>\n<h3>Expertise que nous pouvons offrir<\/h3>\n<p>[\/vc_column_text][\/vc_column][\/vc_row][vc_row full_width=\u00a0\u00bbstretch_row_content\u00a0\u00bb][vc_column]<div class=\"conteneurExpertise conteneurExpertise_4\">\n<div class=\"blocExpertise \" style=\"background-image:url('https:\/\/www.protect.airbus.com\/wp-content\/uploads\/2025\/06\/AdobeStock_567574480-scaled.jpeg');\">\n    <div>\n        <div>\n            <h4>Suivi des incidents<\/h4>        <\/div>\n        <div class=\"contentExpertise\">\n            <div><span style=\"font-weight: 400;\">Nous analysons les incidents de production en mettant l&rsquo;accent sur les processus et la qualit\u00e9, en identifiant les causes profondes et en les transmettant aux parties prenantes concern\u00e9es. Nos \u00e9quipes g\u00e8rent \u00e9galement la synchronisation et le suivi des incidents mineurs et majeurs.<\/span><\/div>                    <\/div>\n    <\/div>\n<\/div><div class=\"blocExpertise \" style=\"background-image:url('https:\/\/www.protect.airbus.com\/wp-content\/uploads\/2025\/06\/unnamed.jpg');\">\n    <div>\n        <div>\n            <h4>Gestion de l&#039;obsolescence<\/h4>        <\/div>\n        <div class=\"contentExpertise\">\n            <div><span style=\"font-weight: 400;\">Nous contribuons \u00e0 garantir la disponibilit\u00e9 \u00e0 long terme des mat\u00e9riaux, des substances, des \u00e9quipements et des pi\u00e8ces gr\u00e2ce \u00e0 une approche globale et proactive :<\/span><\/p>\n<ul>\n<li style=\"font-weight: 400;\" aria-level=\"1\"><span style=\"font-weight: 400;\">Phase de conception\u00a0<\/span><\/li>\n<li style=\"font-weight: 400;\" aria-level=\"1\"><span style=\"font-weight: 400;\">Phase de planification\u00a0<\/span><\/li>\n<li style=\"font-weight: 400;\" aria-level=\"1\"><span style=\"font-weight: 400;\">Phase r\u00e9active\u00a0<\/span><\/li>\n<\/ul>\n<p><\/div>                    <\/div>\n    <\/div>\n<\/div><div class=\"blocExpertise \" style=\"background-image:url('https:\/\/www.protect.airbus.com\/wp-content\/uploads\/2025\/06\/supply-chain-risk.jpg');\">\n    <div>\n        <div>\n            <h4>Gestion des risques li\u00e9s \u00e0 la cha\u00eene d&#039;approvisionnement<\/h4>        <\/div>\n        <div class=\"contentExpertise\">\n            <div><span style=\"font-weight: 400;\">Nous prenons en charge l&rsquo;ensemble du processus de disponibilit\u00e9 des pi\u00e8ces pour la production et les r\u00e9parations :<\/span><\/p>\n<ul>\n<li style=\"font-weight: 400;\" aria-level=\"1\"><span style=\"font-weight: 400;\">\u00c9valuation, pr\u00e9vision et planification des stocks : anticipation des p\u00e9nuries<\/span><\/li>\n<li style=\"font-weight: 400;\" aria-level=\"1\"><span style=\"font-weight: 400;\">Int\u00e9gration de la capacit\u00e9 des fournisseurs et de la planification de la production<\/span><\/li>\n<li style=\"font-weight: 400;\" aria-level=\"1\"><span style=\"font-weight: 400;\">Analyse des risques et planification des mesures d&rsquo;att\u00e9nuation<\/span><\/li>\n<\/ul>\n<p><\/div>                    <\/div>\n    <\/div>\n<\/div><div class=\"blocExpertise \" style=\"background-image:url('https:\/\/www.protect.airbus.com\/wp-content\/uploads\/2023\/05\/Safety-RAMS-100.jpg');\">\n    <div>\n        <div>\n            <h4>Safety &amp; RAMS<\/h4>        <\/div>\n        <div class=\"contentExpertise\">\n            <div><span style=\"font-weight: 400;\">Nous soutenons le d\u00e9veloppement de syst\u00e8mes s\u00fbrs tout au long du cycle en V en appliquant les meilleures pratiques telles que ARP4754 et ARP4761 afin d&rsquo;anticiper et d&rsquo;att\u00e9nuer les risques. Cela couvre les plans de s\u00fbret\u00e9 d\u00e9di\u00e9s aux processus des clients, les analyses de s\u00fbret\u00e9 adapt\u00e9es aux avions ou aux h\u00e9licopt\u00e8res, (FHA, PSSA, SSA, FMEA\/FMES, MMEL, CCA, PRA), et les \u00e9valuations de fiabilit\u00e9 conformes aux r\u00e9glementations des autorit\u00e9s spatiales.<\/span><\/div>                    <\/div>\n    <\/div>\n<\/div><\/div>[\/vc_column][\/vc_row][vc_row][vc_column][vc_column_text css=\u00a0\u00bb.vc_custom_1750838637441{margin-bottom: 0px !important;padding-bottom: 0px !important;}\u00a0\u00bb h2_style=\u00a0\u00bbh2Big\u00a0\u00bb]<\/p>\n<h3>Les industries<\/h3>\n<p>[\/vc_column_text][vc_empty_space][\/vc_column][\/vc_row][vc_row full_width=\u00a0\u00bbstretch_row_content_no_spaces\u00a0\u00bb][vc_column][rev_slider_vc alias=\u00a0\u00bbnew-space-space-expertise-11&Prime;][vc_empty_space][\/vc_column][\/vc_row][vc_row disable_element=\u00a0\u00bbyes\u00a0\u00bb css=\u00a0\u00bb.vc_custom_1772210317171{background-image: url(https:\/\/www.protect.airbus.com\/wp-content\/uploads\/2022\/06\/bg-bloc-tls.jpg?id=1763) !important;background-position: center !important;background-repeat: no-repeat !important;background-size: cover !important;}\u00a0\u00bb][vc_column][vc_row_inner][vc_column_inner width=\u00a0\u00bb1\/2&Prime;][vc_column_text css=\u00a0\u00bb\u00a0\u00bb h2_style=\u00a0\u00bbh2Big\u00a0\u00bb]<\/p>\n<h2 style=\"text-align: center;\">Notre offre de formation pour la S\u00fbret\u00e9<\/h2>\n<p>[\/vc_column_text]<div class=\"divBtCTA btAlignCenter\"><a href=\"https:\/\/www.protect.airbus.com\/wp-content\/uploads\/2023\/05\/TRAINING-CATALOGUE-2025-INN_OT_24-00053_1.12-FR-.pdf\" target=\"_blank\" class=\"button btSafeMobility\">D\u00e9couvrez le catalogue de formation 2025<\/a><\/div>[\/vc_column_inner][vc_column_inner width=\u00a0\u00bb1\/2&Prime;][vc_single_image image=\u00a0\u00bb24681&Prime; img_size=\u00a0\u00bblarge\u00a0\u00bb alignment=\u00a0\u00bbcenter\u00a0\u00bb onclick=\u00a0\u00bbcustom_link\u00a0\u00bb img_link_target=\u00a0\u00bb_blank\u00a0\u00bb css=\u00a0\u00bb\u00a0\u00bb link=\u00a0\u00bbhttps:\/\/www.protect.airbus.com\/wp-content\/uploads\/2023\/05\/TRAINING-CATALOGUE-2025-INN_OT_24-00053_1.12-FR-.pdf\u00a0\u00bb][\/vc_column_inner][\/vc_row_inner][\/vc_column][\/vc_row][vc_row][vc_column]    <div class=\"hightlightBracket\">\n        <div class=\"glyphe\"><\/div>\n        <div class=\"highlight\"><p>Contactez-nous pour d\u00e9couvrir comment nous pouvons vous aider<\/p><\/div>\n    <\/div>\n    <div class=\"divBtCTA btAlignCenter\"><a href=\"https:\/\/www.protect.airbus.com\/fr\/contact\/\"  class=\"button btAuto\">Nous contacter<\/a><\/div><div class=\"whatsNew\" id=\"whatsnew_6a982a359f338\">\n    <div class=\"lineTitleFilter\">\n        <div id=\"conteneur_h2_WhatsNew\"><h2>Des nouveaut\u00e9s ?<\/h2><\/div>\n        <div id=\"conteneur_FiltreWhatsNew\">\n\t\t\t<div class=\"filterWhatsNew\"><span>Filtre<\/span>\n\t\t\t\t<ul>\n\t\t\t\t\t<li><button type=\"button\" class=\"btFilter bfFilterNews\" onclick=\"fctFilterWhatsNew('news','allCategories','whatsnew_6a982a359f338')\">Actualit\u00e9<\/button><\/li>\n\t\t\t\t\t<li><button type=\"button\" class=\"btFilter bfFilterWhitePaper\" onclick=\"fctFilterWhatsNew('whitepaper','allCategories','whatsnew_6a982a359f338')\">Livre blanc<\/button><\/li>\n\t\t\t\t\t<li><button type=\"button\" class=\"btFilter bfFilterBlog\" onclick=\"fctFilterWhatsNew('blog','allCategories','whatsnew_6a982a359f338')\">Blog<\/button><\/li>\n\t\t\t\t\t<li><button type=\"button\" class=\"btFilter bfFilterEvent\" onclick=\"fctFilterWhatsNew('event','allCategories','whatsnew_6a982a359f338')\">\u00c9v\u00e9nement<\/button><\/li>\n\t\t\t\t<\/ul><\/div>\n\t\t\t<div id=\"whathsnew_glyphe\"><\/div>\n\t\t<\/div>\n    <\/div>\n\t\n    <div class=\"listWhatsNew\">\n    <article id=\"whatsnew_item_57801\">\n    <span class=\"whatsNewType\">Livres blancs<\/span>\n    <a href=\"https:\/\/www.protect.airbus.com\/fr\/whitepaper\/risk-and-compliance-two-complementary-approaches\/\"><img loading=\"lazy\" decoding=\"async\" width=\"349\" height=\"189\" src=\"https:\/\/www.protect.airbus.com\/wp-content\/uploads\/2021\/10\/Calque-2-349x189.jpg\" class=\"attachment-post-bloc size-post-bloc wp-post-image\" alt=\"\" \/><\/a>\n    <div class=\"titreWN\">Risque et conformit\u00e9 : deux approches compl\u00e9mentaires [version anglaise]<\/div>\n    <p>Les entreprises sont confront\u00e9es \u00e0 de multiples risques. Savoir g\u00e9rer et prendre des risques fait partie du quotidien d&#039;un PDG ou d&#039;un entrepreneur. Les risques li\u00e9s \u00e0 la cybers\u00e9curit\u00e9 comptent parmi les plus complexes \u00e0 g\u00e9rer. Ils s&#039;av\u00e8rent syst\u00e9miques en raison des derni\u00e8res tendances en mati\u00e8re de num\u00e9risation et \u00e9voluent aussi rapidement que les cyberattaquants.<\/p><div id=\"conteneur_btReadMore\"><a href=\"https:\/\/www.protect.airbus.com\/wp-content\/uploads\/2021\/10\/WP_Risk-and-Compliance.pdf\" class=\"button btReadMore\" target=\"_blank\">T\u00e9l\u00e9charger<\/a><\/div><\/article>\n<article id=\"whatsnew_item_16179\">\n    <span class=\"whatsNewType\">Blog<\/span>\n    <a href=\"https:\/\/www.protect.airbus.com\/fr\/blog\/airbus-protect-explique-gestion-vulnerabilites\/\"><img loading=\"lazy\" decoding=\"async\" width=\"349\" height=\"189\" src=\"https:\/\/www.protect.airbus.com\/wp-content\/uploads\/2024\/08\/blog-banner-20-349x189.png\" class=\"attachment-post-bloc size-post-bloc wp-post-image\" alt=\"Airbus Protect explains Vulnerability Management\" \/><\/a>\n    <div class=\"titreWN\">Airbus Protect explique la gestion des vuln\u00e9rabilit\u00e9s<\/div>\n    <p><p>[vc_row][vc_column][vc_column_text css=\u00a0\u00bb\u00a0\u00bb h3_couleur=\u00a0\u00bbh3Cybersecurity\u00a0\u00bb] Qu&rsquo;est-ce que la gestion des vuln\u00e9rabilit\u00e9s ? Pierre Louis Gensou, analyste en vuln\u00e9rabilit\u00e9, explique\u2026 La gestion des vuln\u00e9rabilit\u00e9s et la veille en vuln\u00e9rabilit\u00e9s sont des \u00e9l\u00e9ments cruciaux de la s\u00e9curit\u00e9 informatique. En tant qu&rsquo;analyste en vuln\u00e9rabilit\u00e9s, mon r\u00f4le consiste \u00e0 identifier les failles de s\u00e9curit\u00e9, \u00e9valuer leur impact sur les composants que [&hellip;]<\/p>\n<\/p>\n        <div id=\"conteneur_btReadMore\"><a href=\"https:\/\/www.protect.airbus.com\/fr\/blog\/airbus-protect-explique-gestion-vulnerabilites\/\" class=\"btReadMore\">En savoir plus<\/a><\/div><\/article>\n<article id=\"whatsnew_item_6576\">\n    <span class=\"whatsNewType\">Blog<\/span>\n    <a href=\"https:\/\/www.protect.airbus.com\/fr\/blog\/lexique-surete\/\"><img loading=\"lazy\" decoding=\"async\" width=\"349\" height=\"189\" src=\"https:\/\/www.protect.airbus.com\/wp-content\/uploads\/2023\/07\/safety1-349x189.png\" class=\"attachment-post-bloc size-post-bloc wp-post-image\" alt=\"Safety 101\" \/><\/a>\n    <div class=\"titreWN\">Lexique de la Safety : comprendre la terminologie de la fiabilit\u00e9 op\u00e9rationnelle<\/div>\n    <p><p>[vc_row][vc_column][vc_column_text] Qu&rsquo;est-ce que la \u00ab\u00a0safety\u00a0\u00bb ? Tout d&rsquo;abord, voici quelques pr\u00e9cisions sur ce que nous entendons par \u00ab\u00a0safety\u00a0\u00bb ? Garantir la s\u00fbret\u00e9 de fonctionnement dans les secteurs de l&rsquo;a\u00e9rospatiale, des transports, de l&rsquo;\u00e9nergie et de la d\u00e9fense est crucial. Elle implique une \u00e9quipe d&rsquo;experts industriels, d&rsquo;ing\u00e9nieurs et de professionnels qui se concentrent sur la gestion [&hellip;]<\/p>\n<\/p>\n        <div id=\"conteneur_btReadMore\"><a href=\"https:\/\/www.protect.airbus.com\/fr\/blog\/lexique-surete\/\" class=\"btReadMore\">En savoir plus<\/a><\/div><\/article>\n    <\/div>\n    <div class=\"conteneurLineMoreInsight\"><div class=\"lineMoreInsight\"><a href=\"\/fr\/informations\/\">d\u00e9couvrir<\/a><\/div><\/div>\n<\/div>\n[\/vc_column][\/vc_row]<\/p>\n<\/div>","protected":false},"excerpt":{"rendered":"<p>[vc_row][vc_column][vc_column_text css=\u00a0\u00bb.vc_custom_1760444927814{margin-bottom: 0px !important;padding-bottom: 0px !important;}\u00a0\u00bb h2_style=\u00a0\u00bbh2Big\u00a0\u00bb] Soutenir la r\u00e9silience de la production [\/vc_column_text][vc_column_text css=\u00a0\u00bb\u00a0\u00bb p_style=\u00a0\u00bbpBig\u00a0\u00bb]Soutenir la r\u00e9silience de la production et la disponibilit\u00e9 \u00e0 long terme des pi\u00e8ces Chez Airbus Protect, nous fournissons une assistance experte pour garantir l&rsquo;efficacit\u00e9, la r\u00e9silience et la gestion des risques de votre cha\u00eene d&rsquo;approvisionnement et de vos op\u00e9rations [&hellip;]<\/p>\n","protected":false},"author":8,"featured_media":6488,"parent":7200,"menu_order":0,"comment_status":"closed","ping_status":"closed","template":"","meta":{"_acf_changed":false,"_relevanssi_hide_post":"","_relevanssi_hide_content":"","_relevanssi_pin_for_all":"","_relevanssi_pin_keywords":"","_relevanssi_unpin_keywords":"","_relevanssi_related_keywords":"","_relevanssi_related_include_ids":"","_relevanssi_related_exclude_ids":"","_relevanssi_related_no_append":"","_relevanssi_related_not_related":"","_relevanssi_related_posts":"","_relevanssi_noindex_reason":"","rs_blank_template":"","rs_page_bg_color":"","slide_template_v7":"","footnotes":""},"class_list":["post-32768","page","type-page","status-publish","has-post-thumbnail","hentry"],"acf":[],"yoast_head":"<!-- This site is optimized with the Yoast SEO Premium plugin v28.3 (Yoast SEO v28.3) - https:\/\/yoast.com\/product\/yoast-seo-premium-wordpress\/ -->\n<title>Gestion des risques de la cha\u00eene d\u2019approvisionnement &amp; fabrication<\/title>\n<meta name=\"description\" content=\"Nos experts s&#039;occupent de la gestion des risques li\u00e9s \u00e0 la cha\u00eene d&#039;approvisionnement afin d&#039;am\u00e9liorer la r\u00e9silience de votre production.\" \/>\n<meta name=\"robots\" content=\"index, follow, max-snippet:-1, max-image-preview:large, max-video-preview:-1\" \/>\n<link rel=\"canonical\" href=\"https:\/\/www.protect.airbus.com\/fr\/safety\/chaine-approvisionnement-fabrication\/\" \/>\n<meta property=\"og:locale\" content=\"fr_FR\" \/>\n<meta property=\"og:type\" content=\"article\" \/>\n<meta property=\"og:title\" content=\"Cha\u00eene d&#039;approvisionnement et fabrication\" \/>\n<meta property=\"og:description\" content=\"Nos experts s&#039;occupent de la gestion des risques li\u00e9s \u00e0 la cha\u00eene d&#039;approvisionnement afin d&#039;am\u00e9liorer la r\u00e9silience de votre production.\" \/>\n<meta property=\"og:url\" content=\"https:\/\/www.protect.airbus.com\/fr\/safety\/chaine-approvisionnement-fabrication\/\" \/>\n<meta property=\"og:site_name\" content=\"Airbus Protect\" \/>\n<meta property=\"article:modified_time\" content=\"2026-06-14T21:17:19+00:00\" \/>\n<meta property=\"og:image\" content=\"https:\/\/www.protect.airbus.com\/wp-content\/uploads\/revslider\/header-safety-en\/bg-safety.jpg\" \/>\n\t<meta property=\"og:image:width\" content=\"1920\" \/>\n\t<meta property=\"og:image:height\" content=\"582\" \/>\n\t<meta property=\"og:image:type\" content=\"image\/jpeg\" \/>\n<meta name=\"twitter:card\" content=\"summary_large_image\" \/>\n<meta name=\"twitter:label1\" content=\"Dur\u00e9e de lecture estim\u00e9e\" \/>\n\t<meta name=\"twitter:data1\" content=\"4 minutes\" \/>\n<script type=\"application\/ld+json\" class=\"yoast-schema-graph\">{\"@context\":\"https:\\\/\\\/schema.org\",\"@graph\":[{\"@type\":\"BlogPosting\",\"mainEntityOfPage\":{\"@type\":\"WebPage\",\"@id\":\"https:\\\/\\\/www.protect.airbus.com\\\/fr\\\/safety\\\/chaine-approvisionnement-fabrication\\\/\"},\"headline\":\"Lexique de la Safety : comprendre la terminologie de la fiabilit\u00e9 op\u00e9rationnelle\",\"description\":\"\",\"author\":{\"@id\":\"https:\\\/\\\/www.protect.airbus.com\\\/#organization\"},\"publisher\":{\"@id\":\"https:\\\/\\\/www.protect.airbus.com\\\/#organization\"},\"image\":\"https:\\\/\\\/www.protect.airbus.com\\\/wp-content\\\/uploads\\\/2023\\\/07\\\/safety1.png\",\"datePublished\":\"2025-06-30T09:45:48+00:00\",\"dateModified\":\"2026-06-14T21:17:19+00:00\"},{\"@type\":\"WebPage\",\"@id\":\"https:\\\/\\\/www.protect.airbus.com\\\/fr\\\/safety\\\/chaine-approvisionnement-fabrication\\\/\",\"url\":\"https:\\\/\\\/www.protect.airbus.com\\\/fr\\\/safety\\\/chaine-approvisionnement-fabrication\\\/\",\"name\":\"Gestion des risques de la cha\u00eene d\u2019approvisionnement & fabrication\",\"isPartOf\":{\"@id\":\"https:\\\/\\\/www.protect.airbus.com\\\/fr\\\/#website\"},\"primaryImageOfPage\":{\"@id\":\"https:\\\/\\\/www.protect.airbus.com\\\/fr\\\/safety\\\/chaine-approvisionnement-fabrication\\\/#primaryimage\"},\"image\":{\"@id\":\"https:\\\/\\\/www.protect.airbus.com\\\/fr\\\/safety\\\/chaine-approvisionnement-fabrication\\\/#primaryimage\"},\"thumbnailUrl\":\"https:\\\/\\\/www.protect.airbus.com\\\/wp-content\\\/uploads\\\/revslider\\\/header-safety-en\\\/bg-safety.jpg\",\"datePublished\":\"2025-06-30T09:45:48+00:00\",\"dateModified\":\"2026-06-14T21:17:19+00:00\",\"description\":\"Nos experts s'occupent de la gestion des risques li\u00e9s \u00e0 la cha\u00eene d'approvisionnement afin d'am\u00e9liorer la r\u00e9silience de votre production.\",\"breadcrumb\":{\"@id\":\"https:\\\/\\\/www.protect.airbus.com\\\/fr\\\/safety\\\/chaine-approvisionnement-fabrication\\\/#breadcrumb\"},\"inLanguage\":\"fr-FR\",\"potentialAction\":[{\"@type\":\"ReadAction\",\"target\":[\"https:\\\/\\\/www.protect.airbus.com\\\/fr\\\/safety\\\/chaine-approvisionnement-fabrication\\\/\"]}]},{\"@type\":\"ImageObject\",\"inLanguage\":\"fr-FR\",\"@id\":\"https:\\\/\\\/www.protect.airbus.com\\\/fr\\\/safety\\\/chaine-approvisionnement-fabrication\\\/#primaryimage\",\"url\":\"https:\\\/\\\/www.protect.airbus.com\\\/wp-content\\\/uploads\\\/revslider\\\/header-safety-en\\\/bg-safety.jpg\",\"contentUrl\":\"https:\\\/\\\/www.protect.airbus.com\\\/wp-content\\\/uploads\\\/revslider\\\/header-safety-en\\\/bg-safety.jpg\",\"width\":1920,\"height\":582},{\"@type\":\"BreadcrumbList\",\"@id\":\"https:\\\/\\\/www.protect.airbus.com\\\/fr\\\/safety\\\/chaine-approvisionnement-fabrication\\\/#breadcrumb\",\"itemListElement\":[{\"@type\":\"ListItem\",\"position\":1,\"name\":\"Home\",\"item\":\"https:\\\/\\\/www.protect.airbus.com\\\/fr\\\/\"},{\"@type\":\"ListItem\",\"position\":2,\"name\":\"Safety\",\"item\":\"https:\\\/\\\/www.protect.airbus.com\\\/fr\\\/safety\\\/\"},{\"@type\":\"ListItem\",\"position\":3,\"name\":\"Cha\u00eene d&rsquo;approvisionnement et fabrication\"}]},{\"@type\":\"WebSite\",\"@id\":\"https:\\\/\\\/www.protect.airbus.com\\\/fr\\\/#website\",\"url\":\"https:\\\/\\\/www.protect.airbus.com\\\/fr\\\/\",\"name\":\"Airbus Protect\",\"description\":\"\",\"publisher\":{\"@id\":\"https:\\\/\\\/www.protect.airbus.com\\\/fr\\\/#organization\"},\"potentialAction\":[{\"@type\":\"SearchAction\",\"target\":{\"@type\":\"EntryPoint\",\"urlTemplate\":\"https:\\\/\\\/www.protect.airbus.com\\\/fr\\\/?s={search_term_string}\"},\"query-input\":{\"@type\":\"PropertyValueSpecification\",\"valueRequired\":true,\"valueName\":\"search_term_string\"}}],\"inLanguage\":\"fr-FR\"},{\"@type\":\"Organization\",\"@id\":\"https:\\\/\\\/www.protect.airbus.com\\\/fr\\\/#organization\",\"name\":\"Airbus Protect\",\"url\":\"https:\\\/\\\/www.protect.airbus.com\\\/fr\\\/\",\"logo\":{\"@type\":\"ImageObject\",\"inLanguage\":\"fr-FR\",\"@id\":\"https:\\\/\\\/www.protect.airbus.com\\\/fr\\\/#\\\/schema\\\/logo\\\/image\\\/\",\"url\":\"https:\\\/\\\/www.protect.airbus.com\\\/wp-content\\\/uploads\\\/2023\\\/05\\\/logo-airbus-protect-696-696.png\",\"contentUrl\":\"https:\\\/\\\/www.protect.airbus.com\\\/wp-content\\\/uploads\\\/2023\\\/05\\\/logo-airbus-protect-696-696.png\",\"width\":696,\"height\":696,\"caption\":\"Airbus Protect\"},\"image\":{\"@id\":\"https:\\\/\\\/www.protect.airbus.com\\\/fr\\\/#\\\/schema\\\/logo\\\/image\\\/\"},\"sameAs\":[\"https:\\\/\\\/www.linkedin.com\\\/company\\\/airbus-protect\\\/\",\"https:\\\/\\\/www.youtube.com\\\/@airbusprotect7483\"],\"contactPoint\":{\"@type\":\"ContactPoint\",\"email\":\"protect@airbus.com\",\"contactType\":\"customer service\",\"areaServed\":[\"GB\",\"FR\",\"ES\",\"DE\",\"BE\",\"CH\",\"PT\",\"DK\",\"AT\"],\"availableLanguage\":[\"en\",\"fr\",\"de\"]}}]}<\/script>\n<!-- \/ Yoast SEO Premium plugin. -->","yoast_head_json":{"title":"Gestion des risques de la cha\u00eene d\u2019approvisionnement & fabrication","description":"Nos experts s'occupent de la gestion des risques li\u00e9s \u00e0 la cha\u00eene d'approvisionnement afin d'am\u00e9liorer la r\u00e9silience de votre production.","robots":{"index":"index","follow":"follow","max-snippet":"max-snippet:-1","max-image-preview":"max-image-preview:large","max-video-preview":"max-video-preview:-1"},"canonical":"https:\/\/www.protect.airbus.com\/fr\/safety\/chaine-approvisionnement-fabrication\/","og_locale":"fr_FR","og_type":"article","og_title":"Cha\u00eene d'approvisionnement et fabrication","og_description":"Nos experts s'occupent de la gestion des risques li\u00e9s \u00e0 la cha\u00eene d'approvisionnement afin d'am\u00e9liorer la r\u00e9silience de votre production.","og_url":"https:\/\/www.protect.airbus.com\/fr\/safety\/chaine-approvisionnement-fabrication\/","og_site_name":"Airbus Protect","article_modified_time":"2026-06-14T21:17:19+00:00","og_image":[{"width":1920,"height":582,"url":"https:\/\/www.protect.airbus.com\/wp-content\/uploads\/revslider\/header-safety-en\/bg-safety.jpg","type":"image\/jpeg"}],"twitter_card":"summary_large_image","twitter_misc":{"Dur\u00e9e de lecture estim\u00e9e":"4 minutes"},"schema":{"@context":"https:\/\/schema.org","@graph":[{"@type":"BlogPosting","mainEntityOfPage":{"@type":"WebPage","@id":"https:\/\/www.protect.airbus.com\/fr\/safety\/chaine-approvisionnement-fabrication\/"},"headline":"Lexique de la Safety : comprendre la terminologie de la fiabilit\u00e9 op\u00e9rationnelle","description":"","author":{"@id":"https:\/\/www.protect.airbus.com\/#organization"},"publisher":{"@id":"https:\/\/www.protect.airbus.com\/#organization"},"image":"https:\/\/www.protect.airbus.com\/wp-content\/uploads\/2023\/07\/safety1.png","datePublished":"2025-06-30T09:45:48+00:00","dateModified":"2026-06-14T21:17:19+00:00"},{"@type":"WebPage","@id":"https:\/\/www.protect.airbus.com\/fr\/safety\/chaine-approvisionnement-fabrication\/","url":"https:\/\/www.protect.airbus.com\/fr\/safety\/chaine-approvisionnement-fabrication\/","name":"Gestion des risques de la cha\u00eene d\u2019approvisionnement & fabrication","isPartOf":{"@id":"https:\/\/www.protect.airbus.com\/fr\/#website"},"primaryImageOfPage":{"@id":"https:\/\/www.protect.airbus.com\/fr\/safety\/chaine-approvisionnement-fabrication\/#primaryimage"},"image":{"@id":"https:\/\/www.protect.airbus.com\/fr\/safety\/chaine-approvisionnement-fabrication\/#primaryimage"},"thumbnailUrl":"https:\/\/www.protect.airbus.com\/wp-content\/uploads\/revslider\/header-safety-en\/bg-safety.jpg","datePublished":"2025-06-30T09:45:48+00:00","dateModified":"2026-06-14T21:17:19+00:00","description":"Nos experts s'occupent de la gestion des risques li\u00e9s \u00e0 la cha\u00eene d'approvisionnement afin d'am\u00e9liorer la r\u00e9silience de votre production.","breadcrumb":{"@id":"https:\/\/www.protect.airbus.com\/fr\/safety\/chaine-approvisionnement-fabrication\/#breadcrumb"},"inLanguage":"fr-FR","potentialAction":[{"@type":"ReadAction","target":["https:\/\/www.protect.airbus.com\/fr\/safety\/chaine-approvisionnement-fabrication\/"]}]},{"@type":"ImageObject","inLanguage":"fr-FR","@id":"https:\/\/www.protect.airbus.com\/fr\/safety\/chaine-approvisionnement-fabrication\/#primaryimage","url":"https:\/\/www.protect.airbus.com\/wp-content\/uploads\/revslider\/header-safety-en\/bg-safety.jpg","contentUrl":"https:\/\/www.protect.airbus.com\/wp-content\/uploads\/revslider\/header-safety-en\/bg-safety.jpg","width":1920,"height":582},{"@type":"BreadcrumbList","@id":"https:\/\/www.protect.airbus.com\/fr\/safety\/chaine-approvisionnement-fabrication\/#breadcrumb","itemListElement":[{"@type":"ListItem","position":1,"name":"Home","item":"https:\/\/www.protect.airbus.com\/fr\/"},{"@type":"ListItem","position":2,"name":"Safety","item":"https:\/\/www.protect.airbus.com\/fr\/safety\/"},{"@type":"ListItem","position":3,"name":"Cha\u00eene d&rsquo;approvisionnement et fabrication"}]},{"@type":"WebSite","@id":"https:\/\/www.protect.airbus.com\/fr\/#website","url":"https:\/\/www.protect.airbus.com\/fr\/","name":"Airbus Protect","description":"","publisher":{"@id":"https:\/\/www.protect.airbus.com\/fr\/#organization"},"potentialAction":[{"@type":"SearchAction","target":{"@type":"EntryPoint","urlTemplate":"https:\/\/www.protect.airbus.com\/fr\/?s={search_term_string}"},"query-input":{"@type":"PropertyValueSpecification","valueRequired":true,"valueName":"search_term_string"}}],"inLanguage":"fr-FR"},{"@type":"Organization","@id":"https:\/\/www.protect.airbus.com\/fr\/#organization","name":"Airbus Protect","url":"https:\/\/www.protect.airbus.com\/fr\/","logo":{"@type":"ImageObject","inLanguage":"fr-FR","@id":"https:\/\/www.protect.airbus.com\/fr\/#\/schema\/logo\/image\/","url":"https:\/\/www.protect.airbus.com\/wp-content\/uploads\/2023\/05\/logo-airbus-protect-696-696.png","contentUrl":"https:\/\/www.protect.airbus.com\/wp-content\/uploads\/2023\/05\/logo-airbus-protect-696-696.png","width":696,"height":696,"caption":"Airbus Protect"},"image":{"@id":"https:\/\/www.protect.airbus.com\/fr\/#\/schema\/logo\/image\/"},"sameAs":["https:\/\/www.linkedin.com\/company\/airbus-protect\/","https:\/\/www.youtube.com\/@airbusprotect7483"],"contactPoint":{"@type":"ContactPoint","email":"protect@airbus.com","contactType":"customer service","areaServed":["GB","FR","ES","DE","BE","CH","PT","DK","AT"],"availableLanguage":["en","fr","de"]}}]}},"_links":{"self":[{"href":"https:\/\/www.protect.airbus.com\/fr\/wp-json\/wp\/v2\/pages\/32768","targetHints":{"allow":["GET"]}}],"collection":[{"href":"https:\/\/www.protect.airbus.com\/fr\/wp-json\/wp\/v2\/pages"}],"about":[{"href":"https:\/\/www.protect.airbus.com\/fr\/wp-json\/wp\/v2\/types\/page"}],"author":[{"embeddable":true,"href":"https:\/\/www.protect.airbus.com\/fr\/wp-json\/wp\/v2\/users\/8"}],"replies":[{"embeddable":true,"href":"https:\/\/www.protect.airbus.com\/fr\/wp-json\/wp\/v2\/comments?post=32768"}],"version-history":[{"count":11,"href":"https:\/\/www.protect.airbus.com\/fr\/wp-json\/wp\/v2\/pages\/32768\/revisions"}],"predecessor-version":[{"id":58930,"href":"https:\/\/www.protect.airbus.com\/fr\/wp-json\/wp\/v2\/pages\/32768\/revisions\/58930"}],"up":[{"embeddable":true,"href":"https:\/\/www.protect.airbus.com\/fr\/wp-json\/wp\/v2\/pages\/7200"}],"wp:featuredmedia":[{"embeddable":true,"href":"https:\/\/www.protect.airbus.com\/fr\/wp-json\/wp\/v2\/media\/6488"}],"wp:attachment":[{"href":"https:\/\/www.protect.airbus.com\/fr\/wp-json\/wp\/v2\/media?parent=32768"}],"curies":[{"name":"wp","href":"https:\/\/api.w.org\/{rel}","templated":true}]}}